{"version":"1.0","provider_name":"Kammarmusikens V\u00e4nner ","provider_url":"https:\/\/k-v.se\/en\/","author_name":"Ola Larsson","author_url":"https:\/\/k-v.se\/en\/author\/ola\/","title":"The Fun\u00e4s Festival 21-24-September 2023","type":"rich","width":600,"height":338,"html":"<blockquote class=\"wp-embedded-content\"><a href=\"https:\/\/k-v.se\/en\/festivals\/the-funas-festival-2023\/\">The Fun\u00e4s Festival 2023<\/a><\/blockquote>\n<script type='text\/javascript'>\n<!--\/\/--><![CDATA[\/\/><!--\n\t\t\/*! This file is auto-generated *\/\n\t\t!function(c,d){\"use strict\";var e=!1,n=!1;if(d.querySelector)if(c.addEventListener)e=!0;if(c.wp=c.wp||{},!c.wp.receiveEmbedMessage)if(c.wp.receiveEmbedMessage=function(e){var t=e.data;if(t)if(t.secret||t.message||t.value)if(!\/[^a-zA-Z0-9]\/.test(t.secret)){for(var r,a,i,s=d.querySelectorAll('iframe[data-secret=\"'+t.secret+'\"]'),n=d.querySelectorAll('blockquote[data-secret=\"'+t.secret+'\"]'),o=0;o<n.length;o++)n[o].style.display=\"none\";for(o=0;o<s.length;o++)if(r=s[o],e.source===r.contentWindow){if(r.removeAttribute(\"style\"),\"height\"===t.message){if(1e3<(i=parseInt(t.value,10)))i=1e3;else if(~~i<200)i=200;r.height=i}if(\"link\"===t.message)if(a=d.createElement(\"a\"),i=d.createElement(\"a\"),a.href=r.getAttribute(\"src\"),i.href=t.value,i.host===a.host)if(d.activeElement===r)c.top.location.href=t.value}}},e)c.addEventListener(\"message\",c.wp.receiveEmbedMessage,!1),d.addEventListener(\"DOMContentLoaded\",t,!1),c.addEventListener(\"load\",t,!1);function t(){if(!n){n=!0;for(var e,t,r=-1!==navigator.appVersion.indexOf(\"MSIE 10\"),a=!!navigator.userAgent.match(\/Trident.*rv:11\\.\/),i=d.querySelectorAll(\"iframe.wp-embedded-content\"),s=0;s<i.length;s++){if(!(e=i[s]).getAttribute(\"data-secret\"))t=Math.random().toString(36).substr(2,10),e.src+=\"#?secret=\"+t,e.setAttribute(\"data-secret\",t);if(r||a)(t=e.cloneNode(!0)).removeAttribute(\"security\"),e.parentNode.replaceChild(t,e)}}}}(window,document);\n\/\/--><!]]>\n<\/script><iframe sandbox=\"allow-scripts\" security=\"restricted\" src=\"https:\/\/k-v.se\/en\/festivals\/the-funas-festival-2023\/embed\/\" width=\"600\" height=\"338\" title=\"&#8220;The Fun\u00e4s Festival 2023&#8221; &#8212; Kammarmusikens V\u00e4nner \" frameborder=\"0\" marginwidth=\"0\" marginheight=\"0\" scrolling=\"no\" class=\"wp-embedded-content\"><\/iframe>","description":"The Fun\u00e4s Festival - 21-24 September 2023.The magnificent nature in western H\u00e4rjedalen will then be the place for the magnificent music. Along with some of the world's most magnificent musicians and artists. The New York Times places Fj\u00e4lln\u00e4s in Fun\u00e4sfj\u00e4llen on its Top 50 list of areas to visit. We welcome everyone, from all corners of the world, who wants to experience magnificenceWelcome to Fun\u00e4sfj\u00e4llen 21-24 September","thumbnail_url":"https:\/\/k-v.se\/app\/uploads\/2021\/11\/thefuna\u0308s.jpg"}