{"version":"1.0","provider_name":"Kammarmusikens V\u00e4nner ","provider_url":"https:\/\/k-v.se\/en\/","author_name":"Ola Larsson","author_url":"https:\/\/k-v.se\/en\/author\/ola\/","title":"Festivalkonsert-Midvinterfestival - Fr\u00f6s\u00f6n","type":"rich","width":600,"height":338,"html":"<blockquote class=\"wp-embedded-content\"><a href=\"https:\/\/k-v.se\/en\/konserter\/festivalkonsert-midvinterfestival-froson\/\">Festivalkonsert SLUTS\u00c5LD<\/a><\/blockquote>\n<script type='text\/javascript'>\n<!--\/\/--><![CDATA[\/\/><!--\n\t\t\/*! This file is auto-generated *\/\n\t\t!function(c,d){\"use strict\";var e=!1,n=!1;if(d.querySelector)if(c.addEventListener)e=!0;if(c.wp=c.wp||{},!c.wp.receiveEmbedMessage)if(c.wp.receiveEmbedMessage=function(e){var t=e.data;if(t)if(t.secret||t.message||t.value)if(!\/[^a-zA-Z0-9]\/.test(t.secret)){for(var r,a,i,s=d.querySelectorAll('iframe[data-secret=\"'+t.secret+'\"]'),n=d.querySelectorAll('blockquote[data-secret=\"'+t.secret+'\"]'),o=0;o<n.length;o++)n[o].style.display=\"none\";for(o=0;o<s.length;o++)if(r=s[o],e.source===r.contentWindow){if(r.removeAttribute(\"style\"),\"height\"===t.message){if(1e3<(i=parseInt(t.value,10)))i=1e3;else if(~~i<200)i=200;r.height=i}if(\"link\"===t.message)if(a=d.createElement(\"a\"),i=d.createElement(\"a\"),a.href=r.getAttribute(\"src\"),i.href=t.value,i.host===a.host)if(d.activeElement===r)c.top.location.href=t.value}}},e)c.addEventListener(\"message\",c.wp.receiveEmbedMessage,!1),d.addEventListener(\"DOMContentLoaded\",t,!1),c.addEventListener(\"load\",t,!1);function t(){if(!n){n=!0;for(var e,t,r=-1!==navigator.appVersion.indexOf(\"MSIE 10\"),a=!!navigator.userAgent.match(\/Trident.*rv:11\\.\/),i=d.querySelectorAll(\"iframe.wp-embedded-content\"),s=0;s<i.length;s++){if(!(e=i[s]).getAttribute(\"data-secret\"))t=Math.random().toString(36).substr(2,10),e.src+=\"#?secret=\"+t,e.setAttribute(\"data-secret\",t);if(r||a)(t=e.cloneNode(!0)).removeAttribute(\"security\"),e.parentNode.replaceChild(t,e)}}}}(window,document);\n\/\/--><!]]>\n<\/script><iframe sandbox=\"allow-scripts\" security=\"restricted\" src=\"https:\/\/k-v.se\/en\/konserter\/festivalkonsert-midvinterfestival-froson\/embed\/\" width=\"600\" height=\"338\" title=\"&#8220;Festivalkonsert SLUTS\u00c5LD&#8221; &#8212; Kammarmusikens V\u00e4nner \" frameborder=\"0\" marginwidth=\"0\" marginheight=\"0\" scrolling=\"no\" class=\"wp-embedded-content\"><\/iframe>","description":"Tillbaka till festivalsidan V\u00c4NTELISTAN Fyll i uppgifterna s\u00e5 finns chanserna kvar ifall avhopp eller andra saldo justeringar sker. Du godk\u00e4nner d\u00e5 samtidigt att vi f\u00f6rmedlar dina kontaktuppgifter till andra personer som vill returnera sina biljetter. KLICKA H\u00c4R OBS! Ett bra tips f\u00f6r att undvika risken att bli utan biljett nu och kommande festivaler, bli medlem [&hellip;]","thumbnail_url":"https:\/\/k-v.se\/app\/uploads\/2024\/10\/Froson-3.jpg","thumbnail_width":960,"thumbnail_height":720}